{"id":2676,"date":"2025-06-25T21:22:33","date_gmt":"2025-06-25T19:22:33","guid":{"rendered":"https:\/\/parafie.archidiecezja.lodz.pl\/swietyalbert\/?page_id=2676"},"modified":"2025-06-25T21:22:33","modified_gmt":"2025-06-25T19:22:33","slug":"wiadomosci-radia-watykanskiego","status":"publish","type":"page","link":"https:\/\/parafie.archidiecezja.lodz.pl\/swietyalbert\/wiadomosci-radia-watykanskiego\/","title":{"rendered":"Wiadomo\u015bci Radia Watyka\u0144skiego"},"content":{"rendered":"\n<p class=\"wp-block-paragraph\"><strong><code><div class=\"vatican-news p-0\" style='border: 3px solid #e0e0e0' >\n    \n        <div style='padding: 10px; margin: 0 0 15px 0; background-color: #CC0000'>\n            <a href='https:\/\/www.vaticannews.va\/'><img src='https:\/\/www.vaticannews.va\/etc\/designs\/vatican-news\/release\/library\/main\/images\/vatican-news-header-white_retina.png' width='150' alt='Vatican News'><\/a>\n        <\/div>\n        <h2 style='display: none;' aria-hidden='false'>Vatican News<\/h2>\n            <div class=\"row d-flex justify-content-center align-items-start text-small\">\n    \n            <div class='col-lg-4 col-md-3 col-sm-6 col-xs-12'>\n                <div class='card p-3 rounded my-2 shadow'>\n                    <img src='https:\/\/www.vaticannews.va\/content\/dam\/vaticannews\/multimedia\/2026\/settembre\/06\/05.jpg\/_jcr_content\/renditions\/cq5dam.thumbnail.cropped.750.422.jpeg' alt='' class='img-fluid d-block border rounded'>\n                    <h3 class='my-2'><strong><a href='https:\/\/www.vaticannews.va\/pl\/kosciol\/news\/2026-09\/uroczystosci-343-rocznicy-wiktorii-wiedenskiej-na-kahlenbergu.html' target='_blank'>Kahlenberg. Tu Europa pami\u0119ta o swoim chrze\u015bcija\u0144skim DNA<\/a><\/strong><\/h3>\n                    <small class='text-muted'>(2026-09-06 13:44)<\/small>\n                    <p>343 lata po Wiktorii Wiede\u0144skiej na Kahlenbergu ponownie zabrzmia\u0142o \u201eDeus vicit\u201d - B\u00f3g zwyci\u0119\u017cy\u0142. W Polskim Sanktuarium Narodowym nad Wiedniem modlili si\u0119 Polacy, Austriacy i przedstawiciele wielu kraj\u00f3w Europy \u015arodkowej. Obecna by\u0142a Pierwsza Dama Marta Nawrocka. \u201eTu zosta\u0142o obronione nie tylko chrze\u015bcija\u0144stwo, ale r\u00f3wnie\u017c DNA kultury europejskiej\u201d - m\u00f3wi Vatican News ks. Roman Krekora CR, rektor sanktuarium.\n                    <a href=\"https:\/\/www.vaticannews.va\/pl\/kosciol\/news\/2026-09\/uroczystosci-343-rocznicy-wiktorii-wiedenskiej-na-kahlenbergu.html\">Czytaj wszystko<\/a>\n                    &nbsp;<\/p>\n                <\/div>\n            <\/div>\n        \n            <div class='col-lg-4 col-md-3 col-sm-6 col-xs-12'>\n                <div class='card p-3 rounded my-2 shadow'>\n                    <img src='https:\/\/www.vaticannews.va\/content\/dam\/vaticannews\/agenzie\/images\/srv\/2026\/08\/23\/2026-08-23-angelus\/1787483098534.JPG\/_jcr_content\/renditions\/cq5dam.thumbnail.cropped.750.422.jpeg' alt='' class='img-fluid d-block border rounded'>\n                    <h3 class='my-2'><strong><a href='https:\/\/www.vaticannews.va\/pl\/papiez\/news\/2026-09\/papiez-po-raz-kolejny-apeluje-o-pokoj-na-ukrainie.html' target='_blank'>Leon XIV ponawia apel o zako\u0144czenie atak\u00f3w i negocjacje na Ukrainie<\/a><\/strong><\/h3>\n                    <small class='text-muted'>(2026-09-06 12:11)<\/small>\n                    <p>Papie\u017c ponownie zaapelowa\u0142 o pok\u00f3j na Ukrainie. Po niedzielnej modlitwie Anio\u0142 Pa\u0144ski odni\u00f3s\u0142 si\u0119 do trwaj\u0105cych atak\u00f3w i wezwa\u0142 strony konfliktu do podj\u0119cia negocjacji prowadz\u0105cych do zako\u0144czenia wojny.\n                    <a href=\"https:\/\/www.vaticannews.va\/pl\/papiez\/news\/2026-09\/papiez-po-raz-kolejny-apeluje-o-pokoj-na-ukrainie.html\">Czytaj wszystko<\/a>\n                    &nbsp;<\/p>\n                <\/div>\n            <\/div>\n        \n            <div class='col-lg-4 col-md-3 col-sm-6 col-xs-12'>\n                <div class='card p-3 rounded my-2 shadow'>\n                    <img src='https:\/\/www.vaticannews.va\/content\/dam\/vaticannews\/agenzie\/images\/srv\/2026\/08\/23\/2026-08-23-angelus\/1787483996728.JPG\/_jcr_content\/renditions\/cq5dam.thumbnail.cropped.750.422.jpeg' alt='' class='img-fluid d-block border rounded'>\n                    <h3 class='my-2'><strong><a href='https:\/\/www.vaticannews.va\/pl\/papiez\/news\/2026-09\/papiez-o-sposobach-praktykowania-wzajemnej-milosci.html' target='_blank'>Papie\u017c: \u201ed\u0142ug wzajemnej mi\u0142o\u015bci\u201d buduje chrze\u015bcija\u0144sk\u0105 wsp\u00f3lnot\u0119<\/a><\/strong><\/h3>\n                    <small class='text-muted'>(2026-09-06 12:05)<\/small>\n                    <p>Chrze\u015bcijanie s\u0105 wezwani do \u017cycia \u201ed\u0142ugiem wzajemnej mi\u0142o\u015bci\u201d \u2013 podkre\u015bli\u0142 Papie\u017c w niedzielnym rozwa\u017caniu. Odwo\u0142uj\u0105c si\u0119 do s\u0142\u00f3w \u015bw. Paw\u0142a z Listu do Rzymian, wskaza\u0142, \u017ce wszystkie przykazania streszczaj\u0105 si\u0119 w mi\u0142o\u015bci bli\u017aniego.\n                    <a href=\"https:\/\/www.vaticannews.va\/pl\/papiez\/news\/2026-09\/papiez-o-sposobach-praktykowania-wzajemnej-milosci.html\">Czytaj wszystko<\/a>\n                    &nbsp;<\/p>\n                <\/div>\n            <\/div>\n        \n            <div class='col-lg-4 col-md-3 col-sm-6 col-xs-12'>\n                <div class='card p-3 rounded my-2 shadow'>\n                    <img src='https:\/\/www.vaticannews.va\/content\/dam\/vaticannews\/agenzie\/images\/srv\/2026\/06\/12\/2026-06-12-viaggio-apostolico-in-spagna---incontro-con-le-realta\/1781260563070.JPG\/_jcr_content\/renditions\/cq5dam.thumbnail.cropped.750.422.jpeg' alt='' class='img-fluid d-block border rounded'>\n                    <h3 class='my-2'><strong><a href='https:\/\/www.vaticannews.va\/pl\/kosciol\/news\/2026-09\/przygotowania-do-papieskiej-wizyty-w-kordobie-argentyna.html' target='_blank'>Kordoba szykuje si\u0119 na milion pielgrzym\u00f3w podczas wizyty Leona XIV<\/a><\/strong><\/h3>\n                    <small class='text-muted'>(2026-09-06 11:21)<\/small>\n                    <p>Ponad miliona pielgrzym\u00f3w spodziewa si\u0119 Kordoba podczas listopadowej wizyty Leona XIV w Argentynie. Archidiecezja chce zaanga\u017cowa\u0107 10 tys. wolontariuszy i przygotowuje bezp\u0142atne miejsca noclegowe. Argentyna b\u0119dzie drugim etapem pierwszej podr\u00f3\u017cy apostolskiej Papie\u017ca na kontynent ameryka\u0144ski.\n                    <a href=\"https:\/\/www.vaticannews.va\/pl\/kosciol\/news\/2026-09\/przygotowania-do-papieskiej-wizyty-w-kordobie-argentyna.html\">Czytaj wszystko<\/a>\n                    &nbsp;<\/p>\n                <\/div>\n            <\/div>\n        \n            <div class='col-lg-4 col-md-3 col-sm-6 col-xs-12'>\n                <div class='card p-3 rounded my-2 shadow'>\n                    <img src='https:\/\/www.vaticannews.va\/content\/dam\/vaticannews\/multimedia\/2019\/07\/06\/Fulton_J._Sheen_1956.jpg\/_jcr_content\/renditions\/cq5dam.thumbnail.cropped.750.422.jpeg' alt='' class='img-fluid d-block border rounded'>\n                    <h3 class='my-2'><strong><a href='https:\/\/www.vaticannews.va\/pl\/kosciol\/news\/2026-09\/ks-roger-j-landry-o-abpe-fulthonie-sheenu-przed-beatyfikacja.html' target='_blank'>61 lat codziennej adoracji. \u0179r\u00f3d\u0142o misyjnego zapa\u0142u Fultona Sheena<\/a><\/strong><\/h3>\n                    <small class='text-muted'>(2026-09-06 10:33)<\/small>\n                    <p>Przez 61 lat kap\u0142a\u0144stwa ka\u017cdego dnia sp\u0119dza\u0142 godzin\u0119 na adoracji. To w\u0142a\u015bnie tam rodzi\u0142a si\u0119 misyjna pasja abp. Fultona Sheena - wskazuje ks. Roger J. Landry, krajowy dyrektor Papieskich Dzie\u0142 Misyjnych w USA. Ameryka\u0144ski hierarcha i jeden z pionier\u00f3w ewangelizacji za po\u015brednictwem medi\u00f3w 24 wrze\u015bnia zostanie og\u0142oszony b\u0142ogos\u0142awionym.\n                    <a href=\"https:\/\/www.vaticannews.va\/pl\/kosciol\/news\/2026-09\/ks-roger-j-landry-o-abpe-fulthonie-sheenu-przed-beatyfikacja.html\">Czytaj wszystko<\/a>\n                    &nbsp;<\/p>\n                <\/div>\n            <\/div>\n        \n            <div class='col-lg-4 col-md-3 col-sm-6 col-xs-12'>\n                <div class='card p-3 rounded my-2 shadow'>\n                    <img src='https:\/\/www.vaticannews.va\/content\/dam\/vaticannews\/multimedia\/2026\/settembre\/03\/41.jpg\/_jcr_content\/renditions\/cq5dam.thumbnail.cropped.750.422.jpeg' alt='' class='img-fluid d-block border rounded'>\n                    <h3 class='my-2'><strong><a href='https:\/\/www.vaticannews.va\/pl\/kosciol\/news\/2026-09\/biskup-aleksandrii-claudio-lurati-chrzescijanie-w-egipcie.html' target='_blank'>Biskup Aleksandrii o chrze\u015bcijanach w Egipcie<\/a><\/strong><\/h3>\n                    <small class='text-muted'>(2026-09-06 09:36)<\/small>\n                    <p>Wikariusz apostolski i biskup Aleksandrii Claudio Lurati, od 31 lat s\u0142u\u017c\u0105cy w Egipcie w rozmowie z Vatican News m\u00f3wi o wielkiej historii chrze\u015bcija\u0144stwa na tym terenie i relacjach z koptyjskim Ko\u015bcio\u0142em Ortodoksyjnym orazi wsp\u00f3lnot\u0105 muzu\u0142ma\u0144sk\u0105.\n                    <a href=\"https:\/\/www.vaticannews.va\/pl\/kosciol\/news\/2026-09\/biskup-aleksandrii-claudio-lurati-chrzescijanie-w-egipcie.html\">Czytaj wszystko<\/a>\n                    &nbsp;<\/p>\n                <\/div>\n            <\/div>\n        \n            <div class='col-lg-4 col-md-3 col-sm-6 col-xs-12'>\n                <div class='card p-3 rounded my-2 shadow'>\n                    <img src='https:\/\/www.vaticannews.va\/content\/dam\/vaticannews\/multimedia\/2024\/febbraio\/13\/Patriarca-di-Venezia-Francesco-Moraglia.jpeg\/_jcr_content\/renditions\/cq5dam.thumbnail.cropped.750.422.jpeg' alt='' class='img-fluid d-block border rounded'>\n                    <h3 class='my-2'><strong><a href='https:\/\/www.vaticannews.va\/pl\/kosciol\/news\/2026-09\/arcybiskup-moraglia-ostrzega-przed-wspomaganym-samobojstwem.html' target='_blank'>Patriarcha Wenecji ostrzega przed rozszerzaniem wspomaganego samob\u00f3jstwa<\/a><\/strong><\/h3>\n                    <small class='text-muted'>(2026-09-06 08:41)<\/small>\n                    <p>Nowe przepisy dotycz\u0105ce medycznie wspomaganego samob\u00f3jstwa mog\u0105 otworzy\u0107 drog\u0119 do stopniowego rozszerzania sytuacji, w kt\u00f3rych b\u0119dzie ono dopuszczalne \u2013 ostrzega patriarcha Wenecji abp Francesco Moraglia. Hierarcha skomentowa\u0142 ustaw\u0119 przyj\u0119t\u0105 przez w\u0142adze w\u0142oskiego regionu Wenecja Euganejska. Jego najwi\u0119kszy niepok\u00f3j budzi sytuacja os\u00f3b starszych, samotnych i pozbawionych wsparcia.\n                    <a href=\"https:\/\/www.vaticannews.va\/pl\/kosciol\/news\/2026-09\/arcybiskup-moraglia-ostrzega-przed-wspomaganym-samobojstwem.html\">Czytaj wszystko<\/a>\n                    &nbsp;<\/p>\n                <\/div>\n            <\/div>\n        \n            <div class='col-lg-4 col-md-3 col-sm-6 col-xs-12'>\n                <div class='card p-3 rounded my-2 shadow'>\n                    <img src='https:\/\/www.vaticannews.va\/content\/dam\/vaticannews\/multimedia\/2025\/aprile\/01\/54.jpg\/_jcr_content\/renditions\/cq5dam.thumbnail.cropped.750.422.jpeg' alt='' class='img-fluid d-block border rounded'>\n                    <h3 class='my-2'><strong><a href='https:\/\/www.vaticannews.va\/pl\/kosciol\/news\/2026-09\/liczba-ksiezy-w-seulu-przekroczyla-1000.html' target='_blank'>Seul ma ju\u017c tysi\u0105c ksi\u0119\u017cy. Powo\u0142ania od 50 lat wspieraj\u0105 \u015bwieccy<\/a><\/strong><\/h3>\n                    <small class='text-muted'>(2026-09-06 07:38)<\/small>\n                    <p>Tysi\u0105c ksi\u0119\u017cy diecezjalnych \u2013 ten historyczny pr\u00f3g osi\u0105gn\u0119\u0142a archidiecezja seulska dok\u0142adnie 180 lat po \u015bwi\u0119ceniach pierwszego korea\u0144skiego kap\u0142ana, \u015bw. Andrzeja Kim Dae-geona. Za t\u0105 liczb\u0105 kryje si\u0119 r\u00f3wnie\u017c niezwyk\u0142a historia \u015bwieckich. Od p\u00f3\u0142 wieku modlitw\u0105, pomoc\u0105 finansow\u0105 i zaanga\u017cowaniem wspieraj\u0105 oni seminarzyst\u00f3w i troszcz\u0105 si\u0119 o nowe powo\u0142ania.\n                    <a href=\"https:\/\/www.vaticannews.va\/pl\/kosciol\/news\/2026-09\/liczba-ksiezy-w-seulu-przekroczyla-1000.html\">Czytaj wszystko<\/a>\n                    &nbsp;<\/p>\n                <\/div>\n            <\/div>\n        \n            <div class='col-lg-4 col-md-3 col-sm-6 col-xs-12'>\n                <div class='card p-3 rounded my-2 shadow'>\n                    <img src='https:\/\/www.vaticannews.va\/content\/dam\/vaticannews\/agenzie\/images\/srv\/2026\/09\/05\/2026-09-05-festa-delle-famiglia-del-governatorato\/1788631513601.jpg\/_jcr_content\/renditions\/cq5dam.thumbnail.cropped.750.422.jpeg' alt='' class='img-fluid d-block border rounded'>\n                    <h3 class='my-2'><strong><a href='https:\/\/www.vaticannews.va\/pl\/papiez\/news\/2026-09\/leon-xiv-spotkal-sie-z-rodzinami-gubernatoratu-watykanu.html' target='_blank'>Leon XIV do rodzin: Jeste\u015bcie cudem Boga. \u017byjcie tak\u017ce dla innych<\/a><\/strong><\/h3>\n                    <small class='text-muted'>(2026-09-05 20:28)<\/small>\n                    <p>S\u0142owa Jana Paw\u0142a II o tym, i\u017c rodzina jest zwierciad\u0142em, w kt\u00f3rym przegl\u0105da si\u0119 B\u00f3g cytowa\u0142 Leon XIV w sobot\u0119 5 wrze\u015bnia wieczorem podczas spotkania z pracownikami Gubernatoratu Pa\u0144stwa Watyka\u0144skiego i ich rodzinami. Na tym rodzinnym spotkaniu Papie\u017c m\u00f3wi\u0142 o dw\u00f3ch cudach, kt\u00f3re widzi B\u00f3g w rodzinie.\n                    <a href=\"https:\/\/www.vaticannews.va\/pl\/papiez\/news\/2026-09\/leon-xiv-spotkal-sie-z-rodzinami-gubernatoratu-watykanu.html\">Czytaj wszystko<\/a>\n                    &nbsp;<\/p>\n                <\/div>\n            <\/div>\n        \n            <div class='col-lg-4 col-md-3 col-sm-6 col-xs-12'>\n                <div class='card p-3 rounded my-2 shadow'>\n                    <img src='https:\/\/www.vaticannews.va\/content\/dam\/vaticannews\/multimedia\/2025\/gennaio\/03\/36.jpg\/_jcr_content\/renditions\/cq5dam.thumbnail.cropped.750.422.jpeg' alt='' class='img-fluid d-block border rounded'>\n                    <h3 class='my-2'><strong><a href='https:\/\/www.vaticannews.va\/pl\/swiat\/news\/2026-09\/palestyna-chrzescijanie-izrael-ziemia-swieta-osadnicy-zydowscy.html' target='_blank'>Biskup Daibes: Chroni\u0107 palesty\u0144skich chrze\u015bcijan w Ziemi \u015awi\u0119tej<\/a><\/strong><\/h3>\n                    <small class='text-muted'>(2026-09-05 18:40)<\/small>\n                    <p>Biskup D\u017cibuti i administrator apostolski Somalii Jamal Daibes wzywa do wywierania mi\u0119dzynarodowych nacisk\u00f3w, by chroni\u0107 Palesty\u0144czyk\u00f3w w Ziemi \u015awi\u0119tej i umo\u017cliwi\u0107 im pozostanie w ojczy\u017anie z godno\u015bci\u0105, w poczuciu wolno\u015bci i bezpiecze\u0144stwa. \n                    <a href=\"https:\/\/www.vaticannews.va\/pl\/swiat\/news\/2026-09\/palestyna-chrzescijanie-izrael-ziemia-swieta-osadnicy-zydowscy.html\">Czytaj wszystko<\/a>\n                    &nbsp;<\/p>\n                <\/div>\n            <\/div>\n            <\/div>\n<\/div>\n<br>\n<\/code><\/strong><\/p>\n","protected":false},"excerpt":{"rendered":"","protected":false},"author":1,"featured_media":0,"parent":0,"menu_order":0,"comment_status":"closed","ping_status":"closed","template":"","meta":{"footnotes":""},"class_list":["post-2676","page","type-page","status-publish","hentry","entry"],"_links":{"self":[{"href":"https:\/\/parafie.archidiecezja.lodz.pl\/swietyalbert\/wp-json\/wp\/v2\/pages\/2676","targetHints":{"allow":["GET"]}}],"collection":[{"href":"https:\/\/parafie.archidiecezja.lodz.pl\/swietyalbert\/wp-json\/wp\/v2\/pages"}],"about":[{"href":"https:\/\/parafie.archidiecezja.lodz.pl\/swietyalbert\/wp-json\/wp\/v2\/types\/page"}],"author":[{"embeddable":true,"href":"https:\/\/parafie.archidiecezja.lodz.pl\/swietyalbert\/wp-json\/wp\/v2\/users\/1"}],"replies":[{"embeddable":true,"href":"https:\/\/parafie.archidiecezja.lodz.pl\/swietyalbert\/wp-json\/wp\/v2\/comments?post=2676"}],"version-history":[{"count":1,"href":"https:\/\/parafie.archidiecezja.lodz.pl\/swietyalbert\/wp-json\/wp\/v2\/pages\/2676\/revisions"}],"predecessor-version":[{"id":2677,"href":"https:\/\/parafie.archidiecezja.lodz.pl\/swietyalbert\/wp-json\/wp\/v2\/pages\/2676\/revisions\/2677"}],"wp:attachment":[{"href":"https:\/\/parafie.archidiecezja.lodz.pl\/swietyalbert\/wp-json\/wp\/v2\/media?parent=2676"}],"curies":[{"name":"wp","href":"https:\/\/api.w.org\/{rel}","templated":true}]}}